{"id":127993,"date":"2020-03-03T11:24:27","date_gmt":"2020-03-03T10:24:27","guid":{"rendered":"https:\/\/ccbierzo.com\/?page_id=127993"},"modified":"2020-03-05T12:27:51","modified_gmt":"2020-03-05T11:27:51","slug":"emprego-e-creacion-de-empresas","status":"publish","type":"page","link":"https:\/\/ccbierzo.com\/gl\/servizos\/emprego-e-creacion-de-empresas\/","title":{"rendered":"Emprego e Creaci\u00f3n de Empresas"},"content":{"rendered":"<p>[et_pb_section fb_built=&#8221;1&#8243; admin_label=&#8221;CTA&#8221; _builder_version=&#8221;4.3.4&#8243; background_color=&#8221;#dddddd&#8221; parallax=&#8221;on&#8221; parallax_method=&#8221;off&#8221; custom_margin=&#8221;0px|0px|0px|0px&#8221; custom_padding=&#8221;0px|0px|0px|0px&#8221; top_divider_style=&#8221;wave2&#8243; top_divider_color=&#8221;#ffffff&#8221; top_divider_flip=&#8221;horizontal&#8221; top_divider_arrangement=&#8221;above_content&#8221; top_divider_height_tablet=&#8221;60px&#8221; top_divider_height_phone=&#8221;30px&#8221; top_divider_height_last_edited=&#8221;on|phone&#8221; bottom_divider_style=&#8221;wave2&#8243; bottom_divider_color=&#8221;#e02b20&#8243; bottom_divider_flip=&#8221;horizontal&#8221; bottom_divider_arrangement=&#8221;above_content&#8221; bottom_divider_height_tablet=&#8221;60px&#8221; bottom_divider_height_phone=&#8221;30px&#8221; bottom_divider_height_last_edited=&#8221;on|desktop&#8221; box_shadow_style=&#8221;preset3&#8243; box_shadow_vertical=&#8221;80px&#8221; box_shadow_blur=&#8221;74px&#8221; box_shadow_spread=&#8221;-11px&#8221; box_shadow_color=&#8221;rgba(0,0,0,0.57)&#8221; box_shadow_position=&#8221;inner&#8221; saved_tabs=&#8221;all&#8221;][et_pb_row use_custom_gutter=&#8221;on&#8221; gutter_width=&#8221;1&#8243; custom_padding_last_edited=&#8221;on|phone&#8221; module_class=&#8221; et_pb_row_fullwidth&#8221; _builder_version=&#8221;3.25&#8243; use_background_color_gradient=&#8221;on&#8221; background_color_gradient_start=&#8221;#f4f4f4&#8243; background_color_gradient_end=&#8221;rgba(244,244,244,0)&#8221; background_color_gradient_end_position=&#8221;22%&#8221; background_image=&#8221;https:\/\/ccbierzo.com\/wp-content\/uploads\/2018\/05\/desarrollo-local.jpg&#8221; width=&#8221;100%&#8221; width_tablet=&#8221;100%&#8221; width_phone=&#8221;&#8221; width_last_edited=&#8221;on|desktop&#8221; max_width=&#8221;100%&#8221; max_width_tablet=&#8221;100%&#8221; max_width_phone=&#8221;&#8221; max_width_last_edited=&#8221;on|desktop&#8221; module_alignment=&#8221;center&#8221; custom_margin=&#8221;0px|0px|0px|0px&#8221; custom_padding=&#8221;250px|0px|250px|0px&#8221; custom_padding_tablet=&#8221;0px|||&#8221; custom_padding_phone=&#8221;&#8221; make_fullwidth=&#8221;on&#8221;][et_pb_column type=&#8221;4_4&#8243; _builder_version=&#8221;3.25&#8243; custom_padding=&#8221;|||&#8221; custom_padding__hover=&#8221;|||&#8221;][\/et_pb_column][\/et_pb_row][\/et_pb_section][et_pb_section fb_built=&#8221;1&#8243; custom_padding_last_edited=&#8221;on|phone&#8221; _builder_version=&#8221;3.22.3&#8243; background_color=&#8221;#e02b20&#8243; custom_margin=&#8221;0px|0px|0px|0px&#8221; custom_padding=&#8221;50px|0px|100px|0px|false|false&#8221; custom_padding_tablet=&#8221;||70px|&#8221; custom_padding_phone=&#8221;||40px|&#8221; top_divider_color=&#8221;#ffffff&#8221; top_divider_height_tablet=&#8221;&#8221; top_divider_height_phone=&#8221;50px&#8221; top_divider_height_last_edited=&#8221;on|phone&#8221; bottom_divider_style=&#8221;wave2&#8243; bottom_divider_color=&#8221;#ffffff&#8221; bottom_divider_arrangement=&#8221;above_content&#8221; bottom_divider_height_tablet=&#8221;60px&#8221; bottom_divider_height_phone=&#8221;30px&#8221; bottom_divider_height_last_edited=&#8221;on|phone&#8221; saved_tabs=&#8221;all&#8221;][et_pb_row make_equal=&#8221;on&#8221; _builder_version=&#8221;3.25&#8243; max_width=&#8221;80%&#8221; use_custom_width=&#8221;on&#8221; width_unit=&#8221;off&#8221;][et_pb_column type=&#8221;4_4&#8243; _builder_version=&#8221;3.25&#8243; custom_padding=&#8221;|||&#8221; custom_padding__hover=&#8221;|||&#8221;][et_pb_text admin_label=&#8221;Desarrollo local&#8221; _builder_version=&#8221;4.3.4&#8243; text_font=&#8221;Open Sans|300||on|||||&#8221; text_text_color=&#8221;#ffffff&#8221; text_font_size=&#8221;36px&#8221; text_letter_spacing=&#8221;14px&#8221; header_font=&#8221;|||on|||||&#8221; header_text_align=&#8221;center&#8221; header_font_size=&#8221;35px&#8221; header_letter_spacing=&#8221;10px&#8221; header_line_height=&#8221;1.5em&#8221; text_orientation=&#8221;center&#8221; background_layout=&#8221;dark&#8221; text_font_size_tablet=&#8221;30px&#8221; text_font_size_phone=&#8221;24px&#8221; text_font_size_last_edited=&#8221;on|phone&#8221; text_letter_spacing_tablet=&#8221;&#8221; text_letter_spacing_phone=&#8221;&#8221; text_letter_spacing_last_edited=&#8221;on|desktop&#8221; header_font_size_tablet=&#8221;30px&#8221; header_font_size_phone=&#8221;32px&#8221; header_font_size_last_edited=&#8221;on|phone&#8221; header_letter_spacing_tablet=&#8221;&#8221; header_letter_spacing_phone=&#8221;8px&#8221; header_letter_spacing_last_edited=&#8221;on|tablet&#8221; header_line_height_tablet=&#8221;&#8221; header_line_height_phone=&#8221;&#8221; header_line_height_last_edited=&#8221;on|phone&#8221;]<\/p>\n<h1>EMPREGO E CREACI\u00d3N DE EMPRESAS<\/h1>\n<p>[\/et_pb_text][\/et_pb_column][\/et_pb_row][\/et_pb_section][et_pb_section fb_built=&#8221;1&#8243; custom_padding_last_edited=&#8221;off|desktop&#8221; admin_label=&#8221;Offers&#8221; _builder_version=&#8221;3.22.3&#8243; background_color=&#8221;#ffffff&#8221; parallax=&#8221;on&#8221; custom_margin=&#8221;||75px|&#8221; custom_padding=&#8221;50px||0||false|false&#8221; bottom_divider_flip=&#8221;horizontal&#8221; locked=&#8221;off&#8221;][et_pb_row use_custom_gutter=&#8221;on&#8221; _builder_version=&#8221;3.25&#8243; background_size=&#8221;initial&#8221; background_position=&#8221;top_left&#8221; background_repeat=&#8221;repeat&#8221; max_width=&#8221;80%&#8221; custom_margin=&#8221;||30px|&#8221; use_custom_width=&#8221;on&#8221; width_unit=&#8221;off&#8221;][et_pb_column type=&#8221;4_4&#8243; _builder_version=&#8221;3.25&#8243; custom_padding=&#8221;|||&#8221; custom_padding__hover=&#8221;|||&#8221;][et_pb_image src=&#8221;https:\/\/ccbierzo.com\/wp-content\/uploads\/2018\/06\/FEDIOJ-modificado-240518.png&#8221; url=&#8221;http:\/\/www.tusitio.org&#8221; url_new_window=&#8221;on&#8221; align=&#8221;center&#8221; disabled_on=&#8221;on|off|off&#8221; _builder_version=&#8221;3.23.3&#8243; max_width=&#8221;500px&#8221; max_width_tablet=&#8221;80%&#8221; max_width_phone=&#8221;80%&#8221; max_width_last_edited=&#8221;on|desktop&#8221; module_alignment=&#8221;center&#8221; custom_padding=&#8221;|||&#8221; animation_style=&#8221;slide&#8221; always_center_on_mobile=&#8221;off&#8221;][\/et_pb_image][et_pb_text _builder_version=&#8221;4.3.4&#8243; text_font=&#8221;Open Sans||||||||&#8221; text_font_size=&#8221;24px&#8221; text_line_height=&#8221;1.4em&#8221; header_font=&#8221;Open Sans||||||||&#8221; background_size=&#8221;initial&#8221; background_position=&#8221;top_left&#8221; background_repeat=&#8221;repeat&#8221; custom_margin=&#8221;0px|0px|30px|0px&#8221; custom_padding=&#8221;0px|0px|0px|0px&#8221; animation_style=&#8221;slide&#8221; animation_direction=&#8221;top&#8221; animation_intensity_slide=&#8221;4%&#8221; text_font_size_tablet=&#8221;&#8221; text_font_size_phone=&#8221;20px&#8221; text_font_size_last_edited=&#8221;on|desktop&#8221;]<\/p>\n<p style=\"text-align: center;\">Mellorando a vida dos bercianos e das bercianas<\/p>\n<p>[\/et_pb_text][et_pb_divider color=&#8221;#ed4441&#8243; divider_position=&#8221;center&#8221; divider_weight=&#8221;3px&#8221; disabled_on=&#8221;on|on|off%22&#8243; _builder_version=&#8221;3.3.1&#8243; max_width=&#8221;150px&#8221; module_alignment=&#8221;center&#8221; height=&#8221;false&#8221; custom_margin=&#8221;-20px|||&#8221; custom_padding=&#8221;|||&#8221; animation_style=&#8221;slide&#8221; animation_direction=&#8221;top&#8221; animation_delay=&#8221;100ms&#8221; animation_intensity_slide=&#8221;10%&#8221;]&nbsp;<br \/>\n[\/et_pb_divider][et_pb_text _builder_version=&#8221;4.3.4&#8243; text_font=&#8221;Open Sans|300|||||||&#8221; text_text_color=&#8221;#1a1a1a&#8221; text_font_size=&#8221;16px&#8221; text_line_height=&#8221;1.4em&#8221; header_font=&#8221;Open Sans||||||||&#8221; header_text_align=&#8221;left&#8221; header_4_font=&#8221;||||||||&#8221; background_size=&#8221;initial&#8221; background_position=&#8221;top_left&#8221; background_repeat=&#8221;repeat&#8221; custom_margin=&#8221;||30px|&#8221; custom_padding=&#8221;0px|0px|0px|0px&#8221; animation_style=&#8221;slide&#8221; animation_direction=&#8221;top&#8221; animation_delay=&#8221;200ms&#8221; animation_intensity_slide=&#8221;10%&#8221;]<\/p>\n<p style=\"text-align: center;\">Trab\u00e1llase para potenciar o crecemento econ\u00f3mico e sociocultural e de favorecer un cambio estrutural que mellore a calidade de vida dos homes e mulleres da comarca.<\/p>\n<p>[\/et_pb_text][\/et_pb_column][\/et_pb_row][\/et_pb_section][et_pb_section fb_built=&#8221;1&#8243; admin_label=&#8221;section&#8221; _builder_version=&#8221;3.22&#8243; background_color=&#8221;rgba(153,153,153,0)&#8221; custom_margin=&#8221;-50px|||&#8221; custom_padding=&#8221;0||100px||false|false&#8221; top_divider_color=&#8221;rgba(221,221,221,0)&#8221; bottom_divider_color=&#8221;#ffffff&#8221; bottom_divider_flip=&#8221;vertical&#8221;][et_pb_row column_padding_mobile=&#8221;on&#8221; admin_label=&#8221;row&#8221; _builder_version=&#8221;3.25&#8243; background_size=&#8221;initial&#8221; background_position=&#8221;top_left&#8221; background_repeat=&#8221;repeat&#8221; width=&#8221;100%&#8221; max_width=&#8221;100%&#8221; module_alignment=&#8221;center&#8221; custom_padding=&#8221;0px||0||false|false&#8221; custom_css_main_element=&#8221;height:0px;&#8221; use_custom_width=&#8221;on&#8221; width_unit=&#8221;off&#8221; custom_width_percent=&#8221;100%&#8221;][et_pb_column type=&#8221;4_4&#8243; _builder_version=&#8221;3.0.47&#8243; custom_padding=&#8221;|||&#8221; custom_padding__hover=&#8221;|||&#8221;][et_pb_image src=&#8221;https:\/\/ccbierzo.com\/wp-content\/uploads\/2018\/01\/Escudo_Solo_.png&#8221; alt=&#8221;Marca CcBierzo&#8221; title_text=&#8221;Marca Oficial del consejo Comarcal de El Bierzo&#8221; url=&#8221;https:\/\/ccbierzo.com&#8221; show_bottom_space=&#8221;off&#8221; align=&#8221;center&#8221; align_tablet=&#8221;center&#8221; align_phone=&#8221;&#8221; align_last_edited=&#8221;on|desktop&#8221; admin_label=&#8221;Imagen logo&#8221; _builder_version=&#8221;3.23&#8243; custom_margin=&#8221;-30px|||&#8221; custom_margin_tablet=&#8221;-55px|||&#8221; custom_margin_phone=&#8221;-70px|||&#8221; custom_margin_last_edited=&#8221;on|phone&#8221; animation_style=&#8221;fade&#8221; custom_css_main_element=&#8221;\/*edit the margin-top:-50px; to 50% of your images height. -50px is for an image with height of 100px *\/||position:relative;||margin-top:-50px;||z-index:99;||&#8221; border_radii=&#8221;|||200px|200px&#8221; use_border_color=&#8221;off&#8221;][\/et_pb_image][\/et_pb_column][\/et_pb_row][\/et_pb_section][et_pb_section fb_built=&#8221;1&#8243; custom_padding_last_edited=&#8221;on|phone&#8221; _builder_version=&#8221;3.22.3&#8243; background_color=&#8221;#999999&#8243; custom_margin=&#8221;35px|||&#8221; custom_margin_tablet=&#8221;20px|||&#8221; custom_margin_phone=&#8221;15px|||&#8221; custom_margin_last_edited=&#8221;on|phone&#8221; custom_padding=&#8221;50px||100px||false|false&#8221; custom_padding_tablet=&#8221;||70px|&#8221; custom_padding_phone=&#8221;||10px|&#8221; top_divider_style=&#8221;wave2&#8243; top_divider_color=&#8221;#ffffff&#8221; top_divider_flip=&#8221;vertical&#8221; top_divider_height_tablet=&#8221;60px&#8221; top_divider_height_phone=&#8221;40px&#8221; top_divider_height_last_edited=&#8221;on|desktop&#8221; bottom_divider_style=&#8221;wave2&#8243; bottom_divider_color=&#8221;#ffffff&#8221; bottom_divider_arrangement=&#8221;above_content&#8221; bottom_divider_height_tablet=&#8221;60px&#8221; bottom_divider_height_phone=&#8221;40px&#8221; bottom_divider_height_last_edited=&#8221;on|desktop&#8221; saved_tabs=&#8221;all&#8221;][et_pb_row make_equal=&#8221;on&#8221; _builder_version=&#8221;3.25&#8243; max_width=&#8221;80%&#8221; use_custom_width=&#8221;on&#8221; width_unit=&#8221;off&#8221;][et_pb_column type=&#8221;4_4&#8243; _builder_version=&#8221;3.25&#8243; custom_padding=&#8221;|||&#8221; custom_padding__hover=&#8221;|||&#8221;][et_pb_text admin_label=&#8221;Servicio al ciudadano&#8221; _builder_version=&#8221;4.3.4&#8243; text_font=&#8221;Open Sans|300||on|||||&#8221; text_text_color=&#8221;#ffffff&#8221; text_font_size=&#8221;36px&#8221; text_letter_spacing=&#8221;14px&#8221; header_font=&#8221;|||on|||||&#8221; header_text_align=&#8221;center&#8221; header_font_size=&#8221;35px&#8221; header_letter_spacing=&#8221;10px&#8221; header_line_height=&#8221;1.5em&#8221; header_2_font_size=&#8221;35px&#8221; header_2_letter_spacing=&#8221;10px&#8221; header_2_line_height=&#8221;1.5em&#8221; text_orientation=&#8221;center&#8221; background_layout=&#8221;dark&#8221; text_font_size_tablet=&#8221;30px&#8221; text_font_size_phone=&#8221;24px&#8221; text_font_size_last_edited=&#8221;on|phone&#8221; text_letter_spacing_tablet=&#8221;&#8221; text_letter_spacing_phone=&#8221;&#8221; text_letter_spacing_last_edited=&#8221;on|desktop&#8221; header_font_size_tablet=&#8221;&#8221; header_font_size_phone=&#8221;32px&#8221; header_font_size_last_edited=&#8221;on|tablet&#8221; header_letter_spacing_tablet=&#8221;&#8221; header_letter_spacing_phone=&#8221;8px&#8221; header_letter_spacing_last_edited=&#8221;on|phone&#8221; header_line_height_tablet=&#8221;&#8221; header_line_height_phone=&#8221;&#8221; header_line_height_last_edited=&#8221;on|phone&#8221; header_2_font_size_tablet=&#8221;&#8221; header_2_font_size_phone=&#8221;32px&#8221; header_2_font_size_last_edited=&#8221;on|phone&#8221; header_2_letter_spacing_tablet=&#8221;&#8221; header_2_letter_spacing_phone=&#8221;8px&#8221; header_2_letter_spacing_last_edited=&#8221;on|phone&#8221; header_2_line_height_tablet=&#8221;&#8221; header_2_line_height_phone=&#8221;&#8221; header_2_line_height_last_edited=&#8221;on|desktop&#8221;]<\/p>\n<h2>SERVIZOS \u00c1 CIDADAN\u00cdA<\/h2>\n<p>[\/et_pb_text][\/et_pb_column][\/et_pb_row][\/et_pb_section][et_pb_section fb_built=&#8221;1&#8243; admin_label=&#8221;Classes Section&#8221; _builder_version=&#8221;3.22.3&#8243; parallax=&#8221;on&#8221; custom_margin=&#8221;|||&#8221; custom_padding=&#8221;0|0px|0|0px|false|false&#8221; top_divider_color=&#8221;#ffffff&#8221; top_divider_flip=&#8221;vertical&#8221; bottom_divider_color=&#8221;#222222&#8243; bottom_divider_flip=&#8221;horizontal&#8221; bottom_divider_height_tablet=&#8221;60px&#8221; bottom_divider_height_phone=&#8221;40px&#8221; bottom_divider_height_last_edited=&#8221;on|desktop&#8221;][et_pb_row column_structure=&#8221;1_3,1_3,1_3&#8243; use_custom_gutter=&#8221;on&#8221; make_equal=&#8221;on&#8221; _builder_version=&#8221;3.25&#8243; max_width=&#8221;80%&#8221; module_alignment=&#8221;center&#8221; use_custom_width=&#8221;on&#8221; width_unit=&#8221;off&#8221;][et_pb_column type=&#8221;1_3&#8243; _builder_version=&#8221;3.25&#8243; custom_padding=&#8221;|||&#8221; custom_padding__hover=&#8221;|||&#8221;][et_pb_image src=&#8221;https:\/\/ccbierzo.com\/wp-content\/uploads\/2018\/06\/SECEM.png&#8221; url=&#8221;https:\/\/www.tusitio.org\/contenido\/presentacion&#8221; url_new_window=&#8221;on&#8221; show_bottom_space=&#8221;off&#8221; align=&#8221;center&#8221; align_tablet=&#8221;center&#8221; align_phone=&#8221;&#8221; align_last_edited=&#8221;on|desktop&#8221; _builder_version=&#8221;3.23.3&#8243; background_color=&#8221;#dddddd&#8221; custom_padding=&#8221;|||&#8221; border_color_all=&#8221;#dddddd&#8221;][\/et_pb_image][et_pb_blurb title=&#8221;EMPREGO&#8221; url=&#8221;https:\/\/www.tusitio.org\/contenido\/presentacion&#8221; url_new_window=&#8221;on&#8221; use_icon=&#8221;on&#8221; font_icon=&#8221;%%37%%&#8221; icon_color=&#8221;#ffffff&#8221; use_circle=&#8221;on&#8221; circle_color=&#8221;#e02b20&#8243; _builder_version=&#8221;4.3.4&#8243; header_font=&#8221;|||on|||||&#8221; header_font_size=&#8221;23px&#8221; header_line_height=&#8221;1.4em&#8221; body_font=&#8221;||||||||&#8221; body_text_align=&#8221;center&#8221; background_color=&#8221;#dddddd&#8221; text_orientation=&#8221;center&#8221; custom_margin=&#8221;|||&#8221; custom_padding=&#8221;30px|10%|30px|10%&#8221; link_option_url_new_window=&#8221;on&#8221; custom_css_blurb_title=&#8221;padding-bottom: 30px;||border-bottom: 1px solid #999999;||margin-bottom: 30px;&#8221; border_radii=&#8221;|||5px|5px&#8221; box_shadow_style=&#8221;preset3&#8243;]<\/p>\n<p>Axencia Oficial de Colocaci\u00f3n. Real\u00edzanse labores de intermediaci\u00f3n e orientaci\u00f3n laboral dirixidas a persoas demandantes de emprego eselecci\u00f3nase persoal para empresas, entidades e particulares. C\u00f3ntase co Programa de garant\u00eda xuvenil. Xesti\u00f3nanse pr\u00e1cticas para o alumnado a todos os niveis.<\/p>\n<p>[\/et_pb_blurb][\/et_pb_column][et_pb_column type=&#8221;1_3&#8243; _builder_version=&#8221;3.25&#8243; custom_padding=&#8221;|||&#8221; custom_padding__hover=&#8221;|||&#8221;][et_pb_image src=&#8221;https:\/\/ccbierzo.com\/wp-content\/uploads\/2018\/06\/SIEPAIT.png&#8221; url=&#8221;https:\/\/www.tusitio.org\/contenido\/informacion-del-servicio&#8221; url_new_window=&#8221;on&#8221; show_bottom_space=&#8221;off&#8221; align=&#8221;center&#8221; align_tablet=&#8221;center&#8221; align_phone=&#8221;&#8221; align_last_edited=&#8221;on|desktop&#8221; _builder_version=&#8221;3.23.3&#8243; background_color=&#8221;#dddddd&#8221; custom_padding=&#8221;|||&#8221; border_radii=&#8221;||||&#8221;][\/et_pb_image][et_pb_blurb title=&#8221;INICIATIVAS EMPRENDEDORAS E EMPRESARIAIS&#8221; url=&#8221;https:\/\/www.tusitio.org\/contenido\/informacion-del-servicio&#8221; url_new_window=&#8221;on&#8221; use_icon=&#8221;on&#8221; font_icon=&#8221;%%304%%&#8221; icon_color=&#8221;#ffffff&#8221; use_circle=&#8221;on&#8221; circle_color=&#8221;#e02b20&#8243; _builder_version=&#8221;4.3.4&#8243; header_font=&#8221;|||on|||||&#8221; header_font_size=&#8221;23px&#8221; header_line_height=&#8221;1.4em&#8221; body_font=&#8221;||||||||&#8221; body_text_align=&#8221;center&#8221; background_color=&#8221;#dddddd&#8221; text_orientation=&#8221;center&#8221; custom_margin=&#8221;|||&#8221; custom_padding=&#8221;30px|10%|30px|10%&#8221; link_option_url_new_window=&#8221;on&#8221; custom_css_blurb_title=&#8221;padding-bottom: 30px;||border-bottom: 1px solid #999999;||margin-bottom: 30px;&#8221; border_radii=&#8221;|||5px|5px&#8221; box_shadow_style=&#8221;preset3&#8243; locked=&#8221;off&#8221;]<\/p>\n<p>Punto de atenci\u00f3n a emprendedores (PAE). Real\u00edzase a tramitaci\u00f3n de documentaci\u00f3n e subvenci\u00f3ns, ases\u00f3rase sobre unha idea empresarial e o seu financiamento eacomp\u00e1\u00f1ase e titor\u00edzase o plan de empresa. P\u00f3\u00f1ense en marcha talleres formativos para emprender. C\u00f3ntase cun Servizo de Transmisi\u00f3n de Empresas.<\/p>\n<p>[\/et_pb_blurb][\/et_pb_column][et_pb_column type=&#8221;1_3&#8243; _builder_version=&#8221;3.25&#8243; custom_padding=&#8221;|||&#8221; custom_padding__hover=&#8221;|||&#8221;][et_pb_image src=&#8221;https:\/\/ccbierzo.com\/wp-content\/uploads\/2018\/06\/FORMACION.png&#8221; url=&#8221;https:\/\/www.tusitio.org\/formacion&#8221; url_new_window=&#8221;on&#8221; show_bottom_space=&#8221;off&#8221; align=&#8221;center&#8221; align_tablet=&#8221;center&#8221; align_phone=&#8221;&#8221; align_last_edited=&#8221;on|desktop&#8221; _builder_version=&#8221;3.23.3&#8243; background_color=&#8221;#dddddd&#8221; custom_padding=&#8221;|||&#8221; border_color_all=&#8221;#dddddd&#8221;][\/et_pb_image][et_pb_blurb title=&#8221;FORMACI\u00d3N&#8221; url=&#8221;https:\/\/www.tusitio.org\/formacion&#8221; url_new_window=&#8221;on&#8221; use_icon=&#8221;on&#8221; font_icon=&#8221;%%240%%&#8221; icon_color=&#8221;#ffffff&#8221; use_circle=&#8221;on&#8221; circle_color=&#8221;#e02b20&#8243; _builder_version=&#8221;4.3.4&#8243; header_font=&#8221;|||on|||||&#8221; header_font_size=&#8221;23px&#8221; header_line_height=&#8221;1.4em&#8221; body_font=&#8221;||||||||&#8221; body_text_align=&#8221;center&#8221; background_color=&#8221;#dddddd&#8221; text_orientation=&#8221;center&#8221; custom_margin=&#8221;|||&#8221; custom_padding=&#8221;30px|10%|30px|10%&#8221; link_option_url_new_window=&#8221;on&#8221; custom_css_blurb_title=&#8221;padding-bottom: 30px;||border-bottom: 1px solid #999999;||margin-bottom: 30px;&#8221; border_radii=&#8221;|||5px|5px&#8221; box_shadow_style=&#8221;preset3&#8243; locked=&#8221;off&#8221;]<\/p>\n<p>Ofr\u00e9cese informaci\u00f3n xeral da oferta formativa para persoas en situaci\u00f3n de desemprego, mellora profesional, certificados profesionais, capacitaci\u00f3n profesional, bolsas formativas etc.<br \/> Real\u00edzase formaci\u00f3n propia encami\u00f1ada a obter os certificados profesionais mediante a posta en marcha de programas mixtos de formaci\u00f3n e emprego.<\/p>\n<p>[\/et_pb_blurb][\/et_pb_column][\/et_pb_row][et_pb_row column_structure=&#8221;1_3,1_3,1_3&#8243; _builder_version=&#8221;3.25&#8243; max_width=&#8221;80%&#8221; custom_padding=&#8221;40px|0px|50px|0px|false|false&#8221; use_custom_width=&#8221;on&#8221; width_unit=&#8221;off&#8221;][et_pb_column type=&#8221;1_3&#8243; _builder_version=&#8221;3.25&#8243; custom_padding=&#8221;|||&#8221; custom_padding__hover=&#8221;|||&#8221;][et_pb_image src=&#8221;https:\/\/ccbierzo.com\/wp-content\/uploads\/2018\/06\/PLAN-JUVENTUD.png&#8221; url=&#8221;https:\/\/www.tusitio.org\/contenido\/red-de-informacion-juvenil-en-el-bierzo&#8221; url_new_window=&#8221;on&#8221; show_bottom_space=&#8221;off&#8221; align=&#8221;center&#8221; align_tablet=&#8221;center&#8221; align_phone=&#8221;&#8221; align_last_edited=&#8221;on|desktop&#8221; _builder_version=&#8221;3.23.3&#8243; background_color=&#8221;#dddddd&#8221; custom_padding=&#8221;|||&#8221; border_color_all=&#8221;#dddddd&#8221;][\/et_pb_image][et_pb_blurb title=&#8221;PLAN DE MOCIDADE&#8221; url=&#8221;https:\/\/www.tusitio.org\/contenido\/red-de-informacion-juvenil-en-el-bierzo&#8221; url_new_window=&#8221;on&#8221; use_icon=&#8221;on&#8221; font_icon=&#8221;%%259%%&#8221; icon_color=&#8221;#ffffff&#8221; use_circle=&#8221;on&#8221; circle_color=&#8221;#e02b20&#8243; _builder_version=&#8221;4.3.4&#8243; header_font=&#8221;|||on|||||&#8221; header_font_size=&#8221;23px&#8221; header_line_height=&#8221;1.4em&#8221; body_font=&#8221;||||||||&#8221; body_text_align=&#8221;center&#8221; background_color=&#8221;#dddddd&#8221; text_orientation=&#8221;center&#8221; custom_margin=&#8221;|||&#8221; custom_padding=&#8221;30px|10%|30px|10%&#8221; link_option_url_new_window=&#8221;on&#8221; custom_css_blurb_title=&#8221;padding-bottom: 30px;||border-bottom: 1px solid #999999;||margin-bottom: 30px;&#8221; border_radii=&#8221;|||5px|5px&#8221; box_shadow_style=&#8221;preset3&#8243;]<\/p>\n<p>P\u00f3\u00f1ense en marcha diversas actuaci\u00f3ns dirixidas \u00e1 poboaci\u00f3n xuvenil. Xesti\u00f3n de pr\u00e1cticas de alumnado. Informaci\u00f3n sobre recursos, noticias de interese etc.<\/p>\n<p>[\/et_pb_blurb][\/et_pb_column][et_pb_column type=&#8221;1_3&#8243; _builder_version=&#8221;3.25&#8243; custom_padding=&#8221;|||&#8221; custom_padding__hover=&#8221;|||&#8221;][et_pb_image src=&#8221;https:\/\/ccbierzo.com\/wp-content\/uploads\/2018\/06\/IGUALDAD.png&#8221; url=&#8221;https:\/\/www.tusitio.org\/contenido\/iii-plan-de-igualdad-de-oportunidades&#8221; url_new_window=&#8221;on&#8221; show_bottom_space=&#8221;off&#8221; align=&#8221;center&#8221; align_tablet=&#8221;center&#8221; align_phone=&#8221;&#8221; align_last_edited=&#8221;on|desktop&#8221; _builder_version=&#8221;3.23.3&#8243; background_color=&#8221;#dddddd&#8221; custom_padding=&#8221;|||&#8221; border_color_all=&#8221;#dddddd&#8221;][\/et_pb_image][et_pb_blurb title=&#8221;IGUALDADE DE OPORTUNIDADES ENTRE HOMES E MULLERES&#8221; url=&#8221;https:\/\/www.tusitio.org\/contenido\/iii-plan-de-igualdad-de-oportunidades&#8221; url_new_window=&#8221;on&#8221; use_icon=&#8221;on&#8221; font_icon=&#8221;%%259%%&#8221; icon_color=&#8221;#ffffff&#8221; use_circle=&#8221;on&#8221; circle_color=&#8221;#e02b20&#8243; _builder_version=&#8221;4.3.4&#8243; header_font=&#8221;|||on|||||&#8221; header_font_size=&#8221;23px&#8221; header_line_height=&#8221;1.4em&#8221; body_font=&#8221;||||||||&#8221; body_text_align=&#8221;center&#8221; background_color=&#8221;#dddddd&#8221; text_orientation=&#8221;center&#8221; custom_margin=&#8221;|||&#8221; custom_padding=&#8221;30px|9px|30px|9px&#8221; link_option_url_new_window=&#8221;on&#8221; hover_enabled=&#8221;0&#8243; custom_css_blurb_title=&#8221;padding-bottom: 30px;||border-bottom: 1px solid #999999;||margin-bottom: 30px;&#8221; border_radii=&#8221;|||5px|5px&#8221; box_shadow_style=&#8221;preset3&#8243; locked=&#8221;off&#8221;]<\/p>\n<p>Real\u00edzanse diversas acci\u00f3ns e actividades dirixidas a reducir as desigualdades reais entre homes e mulleres.<\/p>\n<p>[\/et_pb_blurb][\/et_pb_column][et_pb_column type=&#8221;1_3&#8243; _builder_version=&#8221;3.25&#8243; custom_padding=&#8221;|||&#8221; custom_padding__hover=&#8221;|||&#8221;][\/et_pb_column][\/et_pb_row][\/et_pb_section][et_pb_section fb_built=&#8221;1&#8243; custom_padding_last_edited=&#8221;on|phone&#8221; _builder_version=&#8221;3.22.3&#8243; background_color=&#8221;#e02b20&#8243; parallax=&#8221;on&#8221; custom_margin=&#8221;35px|||&#8221; custom_margin_tablet=&#8221;20px|||&#8221; custom_margin_phone=&#8221;15px|||&#8221; custom_margin_last_edited=&#8221;on|phone&#8221; custom_padding=&#8221;100px|0px|100px|0px|false|false&#8221; custom_padding_tablet=&#8221;||70px|&#8221; custom_padding_phone=&#8221;&#8221; top_divider_style=&#8221;wave2&#8243; top_divider_color=&#8221;#ffffff&#8221; top_divider_flip=&#8221;horizontal&#8221; top_divider_height_tablet=&#8221;60px&#8221; top_divider_height_phone=&#8221;40px&#8221; top_divider_height_last_edited=&#8221;on|phone&#8221; bottom_divider_style=&#8221;wave2&#8243; bottom_divider_color=&#8221;#222222&#8243; bottom_divider_arrangement=&#8221;above_content&#8221; bottom_divider_height_tablet=&#8221;60px&#8221; bottom_divider_height_phone=&#8221;40px&#8221; bottom_divider_height_last_edited=&#8221;on|desktop&#8221; saved_tabs=&#8221;all&#8221;][et_pb_row make_equal=&#8221;on&#8221; _builder_version=&#8221;3.25&#8243; max_width=&#8221;80%&#8221; custom_padding=&#8221;40px|0px|20px|0px|false|false&#8221; use_custom_width=&#8221;on&#8221; width_unit=&#8221;off&#8221;][et_pb_column type=&#8221;4_4&#8243; _builder_version=&#8221;3.25&#8243; custom_padding=&#8221;|||&#8221; custom_padding__hover=&#8221;|||&#8221;][et_pb_text admin_label=&#8221;Areas de actuacion&#8221; _builder_version=&#8221;4.3.4&#8243; text_font=&#8221;Open Sans|300||on|||||&#8221; text_text_color=&#8221;#ffffff&#8221; text_font_size=&#8221;36px&#8221; text_letter_spacing=&#8221;14px&#8221; header_font=&#8221;|||on|||||&#8221; header_text_align=&#8221;center&#8221; header_font_size=&#8221;35px&#8221; header_letter_spacing=&#8221;10px&#8221; header_line_height=&#8221;1.5em&#8221; header_2_font=&#8221;||||||||&#8221; header_2_font_size=&#8221;35px&#8221; header_2_letter_spacing=&#8221;10px&#8221; header_2_line_height=&#8221;1.5em&#8221; text_orientation=&#8221;center&#8221; background_layout=&#8221;dark&#8221; text_font_size_tablet=&#8221;30px&#8221; text_font_size_phone=&#8221;24px&#8221; text_font_size_last_edited=&#8221;on|phone&#8221; text_letter_spacing_tablet=&#8221;&#8221; text_letter_spacing_phone=&#8221;&#8221; text_letter_spacing_last_edited=&#8221;on|desktop&#8221; header_font_size_tablet=&#8221;35px&#8221; header_font_size_phone=&#8221;32px&#8221; header_font_size_last_edited=&#8221;on|phone&#8221; header_letter_spacing_tablet=&#8221;&#8221; header_letter_spacing_phone=&#8221;8px&#8221; header_letter_spacing_last_edited=&#8221;on|tablet&#8221; header_line_height_tablet=&#8221;&#8221; header_line_height_phone=&#8221;&#8221; header_line_height_last_edited=&#8221;on|desktop&#8221; header_2_font_size_tablet=&#8221;&#8221; header_2_font_size_phone=&#8221;32px&#8221; header_2_font_size_last_edited=&#8221;on|phone&#8221; header_2_letter_spacing_tablet=&#8221;&#8221; header_2_letter_spacing_phone=&#8221;8px&#8221; header_2_letter_spacing_last_edited=&#8221;on|phone&#8221;]<\/p>\n<h2>contacto FEDIOJ<\/h2>\n<p>[\/et_pb_text][\/et_pb_column][\/et_pb_row][et_pb_row _builder_version=&#8221;3.25&#8243; max_width=&#8221;80%&#8221; custom_padding=&#8221;25px|0px|40px|0px|false|false&#8221; use_custom_width=&#8221;on&#8221; width_unit=&#8221;off&#8221;][et_pb_column type=&#8221;4_4&#8243; _builder_version=&#8221;3.25&#8243; custom_padding=&#8221;|||&#8221; custom_padding__hover=&#8221;|||&#8221;][et_pb_text _builder_version=&#8221;4.3.4&#8243; text_font=&#8221;|300|||||||&#8221; text_text_color=&#8221;#ffffff&#8221; text_font_size=&#8221;20px&#8221; text_line_height=&#8221;1.5em&#8221;]<\/p>\n<p style=\"text-align: center;\">Sede do Consello Comarcal de O Bierzo.<br \/> Tel\u00e9fono: 987 42 35 51 \/ 52 extensi\u00f3n 262<br \/> <span style=\"color: #333333;\"> <a href=\"mailto:%20empleo@ccbierzo.com\" style=\"color: #333333;\"><span style=\"text-decoration: underline;\"><\/span><\/a><span style=\"text-decoration: underline;\"><span style=\"color: #ffffff; text-decoration: underline;\"><a href=\"mailto:fedio@ccbierzo.com\" style=\"color: #ffffff; text-decoration: underline;\">fedio@ccbierzo.com<\/a><\/span><\/span><\/span><span style=\"color: #333333;\"><span style=\"text-decoration: underline;\"><span style=\"color: #ffffff; text-decoration: underline;\"> <\/span><\/span><br \/><a href=\"mailto: sie-pae@ccbierzo.com\" style=\"color: #333333;\" title=\"sie-pae@ccbierzo.com\"><span style=\"text-decoration: underline;\"><span style=\"color: #ffffff; text-decoration: underline;\">sie-pae@ccbierzo.com<\/span><span><\/span><\/span><span style=\"text-decoration: underline;\"><\/span><\/a><\/span><\/p>\n<p>[\/et_pb_text][et_pb_button button_text=&#8221;Formulario FEDIOJ&#8221; button_alignment=&#8221;center&#8221; disabled_on=&#8221;on|off|off&#8221; module_class=&#8221;popmake-127987&#8243; _builder_version=&#8221;4.3.4&#8243; custom_button=&#8221;on&#8221; button_text_color=&#8221;#999999&#8243; button_bg_color=&#8221;#ffffff&#8221; button_border_color=&#8221;#ffffff&#8221; button_font=&#8221;||||||||&#8221; button_icon_color=&#8221;#ffffff&#8221; hover_enabled=&#8221;0&#8243; box_shadow_style=&#8221;preset3&#8243; button_text_color_hover=&#8221;#ffffff&#8221; button_border_color_hover=&#8221;#000000&#8243; button_bg_color_hover=&#8221;#000000&#8243; button_text_size__hover_enabled=&#8221;off&#8221; button_text_size__hover=&#8221;null&#8221; button_one_text_size__hover_enabled=&#8221;off&#8221; button_one_text_size__hover=&#8221;null&#8221; button_two_text_size__hover_enabled=&#8221;off&#8221; button_two_text_size__hover=&#8221;null&#8221; button_text_color__hover_enabled=&#8221;on&#8221; button_text_color__hover=&#8221;#ffffff&#8221; button_one_text_color__hover_enabled=&#8221;off&#8221; button_one_text_color__hover=&#8221;null&#8221; button_two_text_color__hover_enabled=&#8221;off&#8221; button_two_text_color__hover=&#8221;null&#8221; button_border_width__hover_enabled=&#8221;off&#8221; button_border_width__hover=&#8221;null&#8221; button_one_border_width__hover_enabled=&#8221;off&#8221; button_one_border_width__hover=&#8221;null&#8221; button_two_border_width__hover_enabled=&#8221;off&#8221; button_two_border_width__hover=&#8221;null&#8221; button_border_color__hover_enabled=&#8221;on&#8221; button_border_color__hover=&#8221;#000000&#8243; button_one_border_color__hover_enabled=&#8221;off&#8221; button_one_border_color__hover=&#8221;null&#8221; button_two_border_color__hover_enabled=&#8221;off&#8221; button_two_border_color__hover=&#8221;null&#8221; button_border_radius__hover_enabled=&#8221;off&#8221; button_border_radius__hover=&#8221;null&#8221; button_one_border_radius__hover_enabled=&#8221;off&#8221; button_one_border_radius__hover=&#8221;null&#8221; button_two_border_radius__hover_enabled=&#8221;off&#8221; button_two_border_radius__hover=&#8221;null&#8221; button_letter_spacing__hover_enabled=&#8221;off&#8221; button_letter_spacing__hover=&#8221;null&#8221; button_one_letter_spacing__hover_enabled=&#8221;off&#8221; button_one_letter_spacing__hover=&#8221;null&#8221; button_two_letter_spacing__hover_enabled=&#8221;off&#8221; button_two_letter_spacing__hover=&#8221;null&#8221; button_bg_color__hover_enabled=&#8221;on&#8221; button_bg_color__hover=&#8221;#000000&#8243; button_one_bg_color__hover_enabled=&#8221;off&#8221; button_one_bg_color__hover=&#8221;null&#8221; button_two_bg_color__hover_enabled=&#8221;off&#8221; button_two_bg_color__hover=&#8221;null&#8221;][\/et_pb_button][\/et_pb_column][\/et_pb_row][\/et_pb_section]<\/p>\n","protected":false},"excerpt":{"rendered":"<p>EMPREGO E CREACI\u00d3N DE EMPRESASMellorando a vida dos bercianos e das bercianas&nbsp; Trab\u00e1llase para potenciar o crecemento econ\u00f3mico e sociocultural e de favorecer un cambio estrutural que mellore a calidade de vida dos homes e mulleres da comarca.SERVIZOS \u00c1 CIDADAN\u00cdAAxencia Oficial de Colocaci\u00f3n. Real\u00edzanse labores de intermediaci\u00f3n e orientaci\u00f3n laboral dirixidas a persoas demandantes de [&hellip;]<\/p>\n","protected":false},"author":2,"featured_media":0,"parent":127908,"menu_order":4,"comment_status":"closed","ping_status":"closed","template":"","meta":{"_et_pb_use_builder":"on","_et_pb_old_content":"[et_pb_section fb_built=\"1\" admin_label=\"CTA\" _builder_version=\"4.3.4\" background_color=\"#dddddd\" parallax=\"on\" parallax_method=\"off\" custom_margin=\"0px|0px|0px|0px\" custom_padding=\"0px|0px|0px|0px\" top_divider_style=\"wave2\" top_divider_height_tablet=\"60px\" top_divider_height_phone=\"30px\" top_divider_height_last_edited=\"on|phone\" bottom_divider_style=\"wave2\" bottom_divider_color=\"#e02b20\" bottom_divider_flip=\"horizontal\" bottom_divider_arrangement=\"above_content\" bottom_divider_height_tablet=\"60px\" bottom_divider_height_phone=\"30px\" bottom_divider_height_last_edited=\"on|desktop\" hover_enabled=\"0\" box_shadow_style=\"preset3\" box_shadow_vertical=\"80px\" box_shadow_blur=\"74px\" box_shadow_spread=\"-11px\" box_shadow_color=\"rgba(0,0,0,0.57)\" box_shadow_position=\"inner\" saved_tabs=\"all\" top_divider_color=\"#ffffff\" top_divider_flip=\"horizontal\" top_divider_arrangement=\"above_content\"][et_pb_row use_custom_gutter=\"on\" gutter_width=\"1\" custom_padding_last_edited=\"on|phone\" module_class=\" et_pb_row_fullwidth\" _builder_version=\"3.25\" use_background_color_gradient=\"on\" background_color_gradient_start=\"#f4f4f4\" background_color_gradient_end=\"rgba(244,244,244,0)\" background_color_gradient_end_position=\"22%\" background_image=\"https:\/\/ccbierzo.com\/wp-content\/uploads\/2018\/05\/desarrollo-local.jpg\" width=\"100%\" width_tablet=\"100%\" width_phone=\"\" width_last_edited=\"on|desktop\" max_width=\"100%\" max_width_tablet=\"100%\" max_width_phone=\"\" max_width_last_edited=\"on|desktop\" module_alignment=\"center\" custom_margin=\"0px|0px|0px|0px\" custom_padding=\"250px|0px|250px|0px\" custom_padding_tablet=\"0px|||\" custom_padding_phone=\"\" make_fullwidth=\"on\"][et_pb_column type=\"4_4\" _builder_version=\"3.25\" custom_padding=\"|||\" custom_padding__hover=\"|||\"][\/et_pb_column][\/et_pb_row][\/et_pb_section][et_pb_section fb_built=\"1\" custom_padding_last_edited=\"on|phone\" _builder_version=\"3.22.3\" background_color=\"#e02b20\" custom_margin=\"0px|0px|0px|0px\" custom_padding=\"50px|0px|100px|0px|false|false\" custom_padding_tablet=\"||70px|\" custom_padding_phone=\"||40px|\" top_divider_color=\"#ffffff\" top_divider_height_tablet=\"\" top_divider_height_phone=\"50px\" top_divider_height_last_edited=\"on|phone\" bottom_divider_style=\"wave2\" bottom_divider_color=\"#ffffff\" bottom_divider_arrangement=\"above_content\" bottom_divider_height_tablet=\"60px\" bottom_divider_height_phone=\"30px\" bottom_divider_height_last_edited=\"on|phone\" saved_tabs=\"all\"][et_pb_row make_equal=\"on\" _builder_version=\"3.25\" max_width=\"80%\" use_custom_width=\"on\" width_unit=\"off\"][et_pb_column type=\"4_4\" _builder_version=\"3.25\" custom_padding=\"|||\" custom_padding__hover=\"|||\"][et_pb_text admin_label=\"Desarrollo local\" _builder_version=\"3.27.4\" text_font=\"Open Sans|300||on|||||\" text_text_color=\"#ffffff\" text_font_size=\"36px\" text_letter_spacing=\"14px\" header_font=\"|||on|||||\" header_text_align=\"center\" header_font_size=\"35px\" header_letter_spacing=\"10px\" header_line_height=\"1.5em\" text_orientation=\"center\" background_layout=\"dark\" text_font_size_tablet=\"30px\" text_font_size_phone=\"24px\" text_font_size_last_edited=\"on|phone\" text_letter_spacing_tablet=\"\" text_letter_spacing_phone=\"\" text_letter_spacing_last_edited=\"on|desktop\" header_font_size_tablet=\"30px\" header_font_size_phone=\"32px\" header_font_size_last_edited=\"on|phone\" header_letter_spacing_tablet=\"\" header_letter_spacing_phone=\"8px\" header_letter_spacing_last_edited=\"on|tablet\" header_line_height_tablet=\"\" header_line_height_phone=\"\" header_line_height_last_edited=\"on|phone\"]<h1>EMPLEo y creaci\u00f3n de empresas<\/h1>[\/et_pb_text][\/et_pb_column][\/et_pb_row][\/et_pb_section][et_pb_section fb_built=\"1\" custom_padding_last_edited=\"off|desktop\" admin_label=\"Offers\" _builder_version=\"3.22.3\" background_color=\"#ffffff\" parallax=\"on\" custom_margin=\"||75px|\" custom_padding=\"50px||0||false|false\" bottom_divider_flip=\"horizontal\" locked=\"off\"][et_pb_row use_custom_gutter=\"on\" _builder_version=\"3.25\" background_size=\"initial\" background_position=\"top_left\" background_repeat=\"repeat\" max_width=\"80%\" custom_margin=\"||30px|\" use_custom_width=\"on\" width_unit=\"off\"][et_pb_column type=\"4_4\" _builder_version=\"3.25\" custom_padding=\"|||\" custom_padding__hover=\"|||\"][et_pb_image src=\"https:\/\/ccbierzo.com\/wp-content\/uploads\/2018\/06\/FEDIOJ-modificado-240518.png\" url=\"http:\/\/www.tusitio.org\" url_new_window=\"on\" align=\"center\" disabled_on=\"on|off|off\" _builder_version=\"3.23.3\" max_width=\"500px\" max_width_tablet=\"80%\" max_width_phone=\"80%\" max_width_last_edited=\"on|desktop\" module_alignment=\"center\" custom_padding=\"|||\" animation_style=\"slide\" always_center_on_mobile=\"off\"][\/et_pb_image][et_pb_text _builder_version=\"3.27.4\" text_font=\"Open Sans||||||||\" text_font_size=\"24px\" text_line_height=\"1.4em\" header_font=\"Open Sans||||||||\" background_size=\"initial\" background_position=\"top_left\" background_repeat=\"repeat\" custom_margin=\"0px|0px|30px|0px\" custom_padding=\"0px|0px|0px|0px\" animation_style=\"slide\" animation_direction=\"top\" animation_intensity_slide=\"4%\" text_font_size_tablet=\"\" text_font_size_phone=\"20px\" text_font_size_last_edited=\"on|desktop\"]<p style=\"text-align: center;\">Mejorando la vida de los bercianos y las bercianas<\/p>\r\n[\/et_pb_text][et_pb_divider color=\"#ed4441\" divider_position=\"center\" divider_weight=\"3px\" disabled_on=\"on|on|off%22\" _builder_version=\"3.3.1\" max_width=\"150px\" module_alignment=\"center\" height=\"false\" custom_margin=\"-20px|||\" custom_padding=\"|||\" animation_style=\"slide\" animation_direction=\"top\" animation_delay=\"100ms\" animation_intensity_slide=\"10%\"]\u00a0\r\n[\/et_pb_divider][et_pb_text _builder_version=\"3.27.4\" text_font=\"Open Sans|300|||||||\" text_text_color=\"#1a1a1a\" text_font_size=\"16px\" text_line_height=\"1.4em\" header_font=\"Open Sans||||||||\" header_text_align=\"left\" header_4_font=\"||||||||\" background_size=\"initial\" background_position=\"top_left\" background_repeat=\"repeat\" custom_margin=\"||30px|\" custom_padding=\"0px|0px|0px|0px\" animation_style=\"slide\" animation_direction=\"top\" animation_delay=\"200ms\" animation_intensity_slide=\"10%\"]<p style=\"text-align: center;\">Se trabaja para potenciar el crecimiento econ\u00f3mico y sociocultural, favoreciendo un cambio estructural que mejore la calidad de vida de hombres y mujeres en la Comarca<\/p>[\/et_pb_text][\/et_pb_column][\/et_pb_row][\/et_pb_section][et_pb_section fb_built=\"1\" admin_label=\"section\" _builder_version=\"3.3.1\" background_color=\"rgba(153,153,153,0)\" custom_margin=\"-50px|||\" custom_padding=\"0||100px||false|false\" top_divider_color=\"rgba(221,221,221,0)\" bottom_divider_color=\"#ffffff\" bottom_divider_flip=\"vertical\" global_module=\"116312\"][et_pb_row column_padding_mobile=\"on\" admin_label=\"row\" _builder_version=\"3.25\" background_size=\"initial\" background_position=\"top_left\" background_repeat=\"repeat\" width=\"100%\" max_width=\"100%\" module_alignment=\"center\" custom_padding=\"0px||0||false|false\" custom_css_main_element=\"height:0px;\" use_custom_width=\"on\" width_unit=\"off\" custom_width_percent=\"100%\"][et_pb_column type=\"4_4\" _builder_version=\"3.0.47\" custom_padding=\"|||\" custom_padding__hover=\"|||\"][et_pb_image src=\"https:\/\/ccbierzo.com\/wp-content\/uploads\/2018\/01\/Escudo_Solo_.png\" alt=\"Marca CcBierzo\" title_text=\"Marca Oficial del consejo Comarcal de El Bierzo\" url=\"https:\/\/ccbierzo.com\" show_bottom_space=\"off\" align=\"center\" align_tablet=\"center\" align_phone=\"\" align_last_edited=\"on|desktop\" admin_label=\"Imagen logo\" _builder_version=\"3.23\" custom_margin=\"-30px|||\" custom_margin_tablet=\"-55px|||\" custom_margin_phone=\"-70px|||\" custom_margin_last_edited=\"on|phone\" animation_style=\"fade\" custom_css_main_element=\"\/*edit the margin-top:-50px; to 50% of your images height. -50px is for an image with height of 100px *\/||position:relative;||margin-top:-50px;||z-index:99;||\" border_radii=\"|||200px|200px\" use_border_color=\"off\"][\/et_pb_image][\/et_pb_column][\/et_pb_row][\/et_pb_section][et_pb_section fb_built=\"1\" custom_padding_last_edited=\"on|phone\" _builder_version=\"3.22.3\" background_color=\"#999999\" custom_margin=\"35px|||\" custom_margin_tablet=\"20px|||\" custom_margin_phone=\"15px|||\" custom_margin_last_edited=\"on|phone\" custom_padding=\"50px||100px||false|false\" custom_padding_tablet=\"||70px|\" custom_padding_phone=\"||10px|\" top_divider_style=\"wave2\" top_divider_color=\"#ffffff\" top_divider_flip=\"vertical\" top_divider_height_tablet=\"60px\" top_divider_height_phone=\"40px\" top_divider_height_last_edited=\"on|desktop\" bottom_divider_style=\"wave2\" bottom_divider_color=\"#ffffff\" bottom_divider_arrangement=\"above_content\" bottom_divider_height_tablet=\"60px\" bottom_divider_height_phone=\"40px\" bottom_divider_height_last_edited=\"on|desktop\" saved_tabs=\"all\"][et_pb_row make_equal=\"on\" _builder_version=\"3.25\" max_width=\"80%\" use_custom_width=\"on\" width_unit=\"off\"][et_pb_column type=\"4_4\" _builder_version=\"3.25\" custom_padding=\"|||\" custom_padding__hover=\"|||\"][et_pb_text admin_label=\"Servicio al ciudadano\" _builder_version=\"3.27.4\" text_font=\"Open Sans|300||on|||||\" text_text_color=\"#ffffff\" text_font_size=\"36px\" text_letter_spacing=\"14px\" header_font=\"|||on|||||\" header_text_align=\"center\" header_font_size=\"35px\" header_letter_spacing=\"10px\" header_line_height=\"1.5em\" header_2_font_size=\"35px\" header_2_letter_spacing=\"10px\" header_2_line_height=\"1.5em\" text_orientation=\"center\" background_layout=\"dark\" text_font_size_tablet=\"30px\" text_font_size_phone=\"24px\" text_font_size_last_edited=\"on|phone\" text_letter_spacing_tablet=\"\" text_letter_spacing_phone=\"\" text_letter_spacing_last_edited=\"on|desktop\" header_font_size_tablet=\"\" header_font_size_phone=\"32px\" header_font_size_last_edited=\"on|tablet\" header_letter_spacing_tablet=\"\" header_letter_spacing_phone=\"8px\" header_letter_spacing_last_edited=\"on|phone\" header_line_height_tablet=\"\" header_line_height_phone=\"\" header_line_height_last_edited=\"on|phone\" header_2_font_size_tablet=\"\" header_2_font_size_phone=\"32px\" header_2_font_size_last_edited=\"on|phone\" header_2_letter_spacing_tablet=\"\" header_2_letter_spacing_phone=\"8px\" header_2_letter_spacing_last_edited=\"on|phone\" header_2_line_height_tablet=\"\" header_2_line_height_phone=\"\" header_2_line_height_last_edited=\"on|desktop\"]<h2>SERVICIOS A LA CIUDADADAN\u00cdA<\/h2>\r\n[\/et_pb_text][\/et_pb_column][\/et_pb_row][\/et_pb_section][et_pb_section fb_built=\"1\" admin_label=\"Classes Section\" _builder_version=\"3.22.3\" parallax=\"on\" custom_margin=\"|||\" custom_padding=\"0|0px|0|0px|false|false\" top_divider_color=\"#ffffff\" top_divider_flip=\"vertical\" bottom_divider_color=\"#222222\" bottom_divider_flip=\"horizontal\" bottom_divider_height_tablet=\"60px\" bottom_divider_height_phone=\"40px\" bottom_divider_height_last_edited=\"on|desktop\"][et_pb_row use_custom_gutter=\"on\" make_equal=\"on\" _builder_version=\"3.25\" max_width=\"80%\" module_alignment=\"center\" use_custom_width=\"on\" width_unit=\"off\" column_structure=\"1_3,1_3,1_3\"][et_pb_column type=\"1_3\" _builder_version=\"3.25\" custom_padding=\"|||\" custom_padding__hover=\"|||\"][et_pb_image src=\"https:\/\/ccbierzo.com\/wp-content\/uploads\/2018\/06\/SECEM.png\" url=\"https:\/\/www.tusitio.org\/contenido\/presentacion\" url_new_window=\"on\" show_bottom_space=\"off\" align=\"center\" align_tablet=\"center\" align_phone=\"\" align_last_edited=\"on|desktop\" _builder_version=\"3.23.3\" background_color=\"#dddddd\" custom_padding=\"|||\" border_color_all=\"#dddddd\"][\/et_pb_image][et_pb_blurb title=\"EMPLEO\" url=\"https:\/\/www.tusitio.org\/contenido\/presentacion\" url_new_window=\"on\" use_icon=\"on\" font_icon=\"%%37%%\" icon_color=\"#ffffff\" use_circle=\"on\" circle_color=\"#e02b20\" _builder_version=\"3.23.3\" header_font=\"|||on|||||\" header_font_size=\"23px\" header_line_height=\"1.4em\" body_font=\"||||||||\" body_text_align=\"center\" background_color=\"#dddddd\" text_orientation=\"center\" custom_margin=\"|||\" custom_padding=\"30px|10%|30px|10%\" link_option_url_new_window=\"on\" custom_css_blurb_title=\"padding-bottom: 30px;||border-bottom: 1px solid #999999;||margin-bottom: 30px;\" border_radii=\"|||5px|5px\" box_shadow_style=\"preset3\"]<p>Agencia Oficial de Colocaci\u00f3n. Se realiza Intermediaci\u00f3n y orientaci\u00f3n laboral a personas demandantes de empleo; selecci\u00f3n de personal para empresas, entidades y particulares. Se cuenta con el Programa de garant\u00eda Juvenil. Se Gestionan pr\u00e1cticas de alumnado a todos los niveles.<\/p>[\/et_pb_blurb][\/et_pb_column][et_pb_column type=\"1_3\" _builder_version=\"3.25\" custom_padding=\"|||\" custom_padding__hover=\"|||\"][et_pb_image src=\"https:\/\/ccbierzo.com\/wp-content\/uploads\/2018\/06\/SIEPAIT.png\" url=\"https:\/\/www.tusitio.org\/contenido\/informacion-del-servicio\" url_new_window=\"on\" show_bottom_space=\"off\" align=\"center\" align_tablet=\"center\" align_phone=\"\" align_last_edited=\"on|desktop\" _builder_version=\"3.23.3\" background_color=\"#dddddd\" custom_padding=\"|||\" border_radii=\"||||\"][\/et_pb_image][et_pb_blurb title=\"INICIATIVAS EMPRENDEDORAS Y EMPRESARIALES\" url=\"https:\/\/www.tusitio.org\/contenido\/informacion-del-servicio\" url_new_window=\"on\" use_icon=\"on\" font_icon=\"%%304%%\" icon_color=\"#ffffff\" use_circle=\"on\" circle_color=\"#e02b20\" _builder_version=\"3.23.3\" header_font=\"|||on|||||\" header_font_size=\"23px\" header_line_height=\"1.4em\" body_font=\"||||||||\" body_text_align=\"center\" background_color=\"#dddddd\" text_orientation=\"center\" custom_margin=\"|||\" custom_padding=\"30px|10%|30px|10%\" link_option_url_new_window=\"on\" custom_css_blurb_title=\"padding-bottom: 30px;||border-bottom: 1px solid #999999;||margin-bottom: 30px;\" border_radii=\"|||5px|5px\" box_shadow_style=\"preset3\" locked=\"off\"]<p>Punto de Atenci\u00f3n a Emprendedores (PAE), se realiza tramitaci\u00f3n de documentaci\u00f3n y subvenciones, se asesora sobre una idea empresarial y su financiaci\u00f3n, se acompa\u00f1a y tutoriza el plan de empresa. Se ponen en marcha talleres formativos para emprender. Se cuenta con un Servicio de Transmisi\u00f3n de Empresas.<\/p>[\/et_pb_blurb][\/et_pb_column][et_pb_column type=\"1_3\" _builder_version=\"3.25\" custom_padding=\"|||\" custom_padding__hover=\"|||\"][et_pb_image src=\"https:\/\/ccbierzo.com\/wp-content\/uploads\/2018\/06\/FORMACION.png\" url=\"https:\/\/www.tusitio.org\/formacion\" url_new_window=\"on\" show_bottom_space=\"off\" align=\"center\" align_tablet=\"center\" align_phone=\"\" align_last_edited=\"on|desktop\" _builder_version=\"3.23.3\" background_color=\"#dddddd\" custom_padding=\"|||\" border_color_all=\"#dddddd\"][\/et_pb_image][et_pb_blurb title=\"FORMACI\u00d3N\" url=\"https:\/\/www.tusitio.org\/formacion\" url_new_window=\"on\" use_icon=\"on\" font_icon=\"%%240%%\" icon_color=\"#ffffff\" use_circle=\"on\" circle_color=\"#e02b20\" _builder_version=\"3.23.3\" header_font=\"|||on|||||\" header_font_size=\"23px\" header_line_height=\"1.4em\" body_font=\"||||||||\" body_text_align=\"center\" background_color=\"#dddddd\" text_orientation=\"center\" custom_margin=\"|||\" custom_padding=\"30px|10%|30px|10%\" link_option_url_new_window=\"on\" custom_css_blurb_title=\"padding-bottom: 30px;||border-bottom: 1px solid #999999;||margin-bottom: 30px;\" border_radii=\"|||5px|5px\" box_shadow_style=\"preset3\" locked=\"off\"]<p>Se ofrece Informaci\u00f3n general de la oferta formativa para personas en situaci\u00f3n de desempleo, mejora profesional, certificados profesionales, capacitaci\u00f3n profesional, becas formativas, etc.<br \/> Se realiza formaci\u00f3n propia encaminada a obtener los Certificados Profesionales mediante la puesta en marcha de Programas Mixtos de Formaci\u00f3n y Empleo.<\/p>[\/et_pb_blurb][\/et_pb_column][\/et_pb_row][et_pb_row _builder_version=\"3.25\" max_width=\"80%\" custom_padding=\"40px|0px|50px|0px|false|false\" use_custom_width=\"on\" width_unit=\"off\" column_structure=\"1_3,1_3,1_3\"][et_pb_column type=\"1_3\" _builder_version=\"3.25\" custom_padding=\"|||\" custom_padding__hover=\"|||\"][et_pb_image src=\"https:\/\/ccbierzo.com\/wp-content\/uploads\/2018\/06\/PLAN-JUVENTUD.png\" url=\"https:\/\/www.tusitio.org\/contenido\/red-de-informacion-juvenil-en-el-bierzo\" url_new_window=\"on\" show_bottom_space=\"off\" align=\"center\" align_tablet=\"center\" align_phone=\"\" align_last_edited=\"on|desktop\" _builder_version=\"3.23.3\" background_color=\"#dddddd\" custom_padding=\"|||\" border_color_all=\"#dddddd\"][\/et_pb_image][et_pb_blurb title=\"Plan de Juventud\" url=\"https:\/\/www.tusitio.org\/contenido\/red-de-informacion-juvenil-en-el-bierzo\" url_new_window=\"on\" use_icon=\"on\" font_icon=\"%%259%%\" icon_color=\"#ffffff\" use_circle=\"on\" circle_color=\"#e02b20\" _builder_version=\"3.23.3\" header_font=\"|||on|||||\" header_font_size=\"23px\" header_line_height=\"1.4em\" body_font=\"||||||||\" body_text_align=\"center\" background_color=\"#dddddd\" text_orientation=\"center\" custom_margin=\"|||\" custom_padding=\"30px|10%|30px|10%\" link_option_url_new_window=\"on\" custom_css_blurb_title=\"padding-bottom: 30px;||border-bottom: 1px solid #999999;||margin-bottom: 30px;\" border_radii=\"|||5px|5px\" box_shadow_style=\"preset3\"]<p>Se ponen en marcha diversas actuaciones dirigidas a la poblaci\u00f3n juvenil. Gesti\u00f3n de pr\u00e1cticas de alumnado. Informaci\u00f3n sobre recursos, noticias de inter\u00e9s, etc<\/p>[\/et_pb_blurb][\/et_pb_column][et_pb_column type=\"1_3\" _builder_version=\"3.25\" custom_padding=\"|||\" custom_padding__hover=\"|||\"][et_pb_image src=\"https:\/\/ccbierzo.com\/wp-content\/uploads\/2018\/06\/IGUALDAD.png\" url=\"https:\/\/www.tusitio.org\/contenido\/iii-plan-de-igualdad-de-oportunidades\" url_new_window=\"on\" show_bottom_space=\"off\" align=\"center\" align_tablet=\"center\" align_phone=\"\" align_last_edited=\"on|desktop\" _builder_version=\"3.23.3\" background_color=\"#dddddd\" custom_padding=\"|||\" border_color_all=\"#dddddd\"][\/et_pb_image][et_pb_blurb title=\"Igualdad de Oportunidades entre hombres y mujeres\" url=\"https:\/\/www.tusitio.org\/contenido\/iii-plan-de-igualdad-de-oportunidades\" url_new_window=\"on\" use_icon=\"on\" font_icon=\"%%259%%\" icon_color=\"#ffffff\" use_circle=\"on\" circle_color=\"#e02b20\" _builder_version=\"3.23.3\" header_font=\"|||on|||||\" header_font_size=\"23px\" header_line_height=\"1.4em\" body_font=\"||||||||\" body_text_align=\"center\" background_color=\"#dddddd\" text_orientation=\"center\" custom_margin=\"|||\" custom_padding=\"30px|9px|30px|9px\" link_option_url_new_window=\"on\" custom_css_blurb_title=\"padding-bottom: 30px;||border-bottom: 1px solid #999999;||margin-bottom: 30px;\" border_radii=\"|||5px|5px\" box_shadow_style=\"preset3\" locked=\"off\"]<p>Se realizan diversas acciones y actividades dirigidas<br \/> a reducir las desigualdades reales entre hombres y mujeres.<\/p>[\/et_pb_blurb][\/et_pb_column][et_pb_column type=\"1_3\" _builder_version=\"3.25\" custom_padding=\"|||\" custom_padding__hover=\"|||\"][\/et_pb_column][\/et_pb_row][\/et_pb_section][et_pb_section fb_built=\"1\" custom_padding_last_edited=\"on|phone\" _builder_version=\"3.22.3\" background_color=\"#e02b20\" parallax=\"on\" custom_margin=\"35px|||\" custom_margin_tablet=\"20px|||\" custom_margin_phone=\"15px|||\" custom_margin_last_edited=\"on|phone\" custom_padding=\"100px|0px|100px|0px|false|false\" custom_padding_tablet=\"||70px|\" custom_padding_phone=\"\" top_divider_style=\"wave2\" top_divider_color=\"#ffffff\" top_divider_flip=\"horizontal\" top_divider_height_tablet=\"60px\" top_divider_height_phone=\"40px\" top_divider_height_last_edited=\"on|phone\" bottom_divider_style=\"wave2\" bottom_divider_color=\"#222222\" bottom_divider_arrangement=\"above_content\" bottom_divider_height_tablet=\"60px\" bottom_divider_height_phone=\"40px\" bottom_divider_height_last_edited=\"on|desktop\" saved_tabs=\"all\"][et_pb_row make_equal=\"on\" _builder_version=\"3.25\" max_width=\"80%\" custom_padding=\"40px|0px|20px|0px|false|false\" use_custom_width=\"on\" width_unit=\"off\"][et_pb_column type=\"4_4\" _builder_version=\"3.25\" custom_padding=\"|||\" custom_padding__hover=\"|||\"][et_pb_text admin_label=\"Areas de actuacion\" _builder_version=\"3.27.4\" text_font=\"Open Sans|300||on|||||\" text_text_color=\"#ffffff\" text_font_size=\"36px\" text_letter_spacing=\"14px\" header_font=\"|||on|||||\" header_text_align=\"center\" header_font_size=\"35px\" header_letter_spacing=\"10px\" header_line_height=\"1.5em\" header_2_font=\"||||||||\" header_2_font_size=\"35px\" header_2_letter_spacing=\"10px\" header_2_line_height=\"1.5em\" text_orientation=\"center\" background_layout=\"dark\" text_font_size_tablet=\"30px\" text_font_size_phone=\"24px\" text_font_size_last_edited=\"on|phone\" text_letter_spacing_tablet=\"\" text_letter_spacing_phone=\"\" text_letter_spacing_last_edited=\"on|desktop\" header_font_size_tablet=\"35px\" header_font_size_phone=\"32px\" header_font_size_last_edited=\"on|phone\" header_letter_spacing_tablet=\"\" header_letter_spacing_phone=\"8px\" header_letter_spacing_last_edited=\"on|tablet\" header_line_height_tablet=\"\" header_line_height_phone=\"\" header_line_height_last_edited=\"on|desktop\" header_2_font_size_tablet=\"\" header_2_font_size_phone=\"32px\" header_2_font_size_last_edited=\"on|phone\" header_2_letter_spacing_tablet=\"\" header_2_letter_spacing_phone=\"8px\" header_2_letter_spacing_last_edited=\"on|phone\"]<h2>contacto FEDIOJ<\/h2>\r\n[\/et_pb_text][\/et_pb_column][\/et_pb_row][et_pb_row _builder_version=\"3.25\" max_width=\"80%\" custom_padding=\"25px|0px|40px|0px|false|false\" use_custom_width=\"on\" width_unit=\"off\"][et_pb_column type=\"4_4\" _builder_version=\"3.25\" custom_padding=\"|||\" custom_padding__hover=\"|||\"][et_pb_text _builder_version=\"3.27.4\" text_font=\"|300|||||||\" text_text_color=\"#ffffff\" text_font_size=\"20px\" text_line_height=\"1.5em\"]<p style=\"text-align: center;\">Sede del Consejo Comarcal del Bierzo.<br \/> Tel. 987 42 35 51 \/ 52 extensi\u00f3n 262<br \/> <span style=\"color: #333333;\"> <a href=\"mailto:%20empleo@ccbierzo.com\" style=\"color: #333333;\"><span style=\"text-decoration: underline;\"><\/span><\/a><span style=\"text-decoration: underline;\"><span style=\"color: #ffffff; text-decoration: underline;\"><a href=\"mailto:fedio@ccbierzo.com\" style=\"color: #ffffff; text-decoration: underline;\">fedio@ccbierzo.com<\/a><\/span><\/span><\/span><span style=\"color: #333333;\"><span style=\"text-decoration: underline;\"><span style=\"color: #ffffff; text-decoration: underline;\"> <\/span><\/span><br \/><a href=\"mailto: sie-pae@ccbierzo.com\" style=\"color: #333333;\" title=\"sie-pae@ccbierzo.com\"><span style=\"text-decoration: underline;\"><span style=\"color: #ffffff; text-decoration: underline;\">sie-pae@ccbierzo.com<\/span><span><\/span><\/span><span style=\"text-decoration: underline;\"><\/span><\/a><\/span><\/p>\r\n[\/et_pb_text][et_pb_button button_text=\"Formulario FEDIOJ\" button_alignment=\"center\" disabled_on=\"on|off|off\" _builder_version=\"4.3.4\" custom_button=\"on\" button_text_color=\"#999999\" button_bg_color=\"#ffffff\" button_border_color=\"#ffffff\" button_font=\"||||||||\" button_icon_color=\"#ffffff\" hover_enabled=\"0\" box_shadow_style=\"preset3\" button_text_color_hover=\"#ffffff\" button_border_color_hover=\"#000000\" button_bg_color_hover=\"#000000\" button_text_size__hover_enabled=\"off\" button_text_size__hover=\"null\" button_one_text_size__hover_enabled=\"off\" button_one_text_size__hover=\"null\" button_two_text_size__hover_enabled=\"off\" button_two_text_size__hover=\"null\" button_text_color__hover_enabled=\"on\" button_text_color__hover=\"#ffffff\" button_one_text_color__hover_enabled=\"off\" button_one_text_color__hover=\"null\" button_two_text_color__hover_enabled=\"off\" button_two_text_color__hover=\"null\" button_border_width__hover_enabled=\"off\" button_border_width__hover=\"null\" button_one_border_width__hover_enabled=\"off\" button_one_border_width__hover=\"null\" button_two_border_width__hover_enabled=\"off\" button_two_border_width__hover=\"null\" button_border_color__hover_enabled=\"on\" button_border_color__hover=\"#000000\" button_one_border_color__hover_enabled=\"off\" button_one_border_color__hover=\"null\" button_two_border_color__hover_enabled=\"off\" button_two_border_color__hover=\"null\" button_border_radius__hover_enabled=\"off\" button_border_radius__hover=\"null\" button_one_border_radius__hover_enabled=\"off\" button_one_border_radius__hover=\"null\" button_two_border_radius__hover_enabled=\"off\" button_two_border_radius__hover=\"null\" button_letter_spacing__hover_enabled=\"off\" button_letter_spacing__hover=\"null\" button_one_letter_spacing__hover_enabled=\"off\" button_one_letter_spacing__hover=\"null\" button_two_letter_spacing__hover_enabled=\"off\" button_two_letter_spacing__hover=\"null\" button_bg_color__hover_enabled=\"on\" button_bg_color__hover=\"#000000\" button_one_bg_color__hover_enabled=\"off\" button_one_bg_color__hover=\"null\" button_two_bg_color__hover_enabled=\"off\" button_two_bg_color__hover=\"null\" module_class=\"popmake-127986\"][\/et_pb_button][\/et_pb_column][\/et_pb_row][\/et_pb_section]","_et_gb_content_width":"","footnotes":""},"class_list":["post-127993","page","type-page","status-publish","hentry"],"yoast_head":"<!-- This site is optimized with the Yoast SEO plugin v27.3 - https:\/\/yoast.com\/product\/yoast-seo-wordpress\/ -->\n<title>Emprego e Creaci\u00f3n de Empresas - Consejo Comarcal del Bierzo<\/title>\n<meta name=\"robots\" content=\"index, follow, max-snippet:-1, max-image-preview:large, max-video-preview:-1\" \/>\n<link rel=\"canonical\" href=\"https:\/\/ccbierzo.com\/servicios\/empleo-y-creacion-de-empresas\/\" \/>\n<meta property=\"og:locale\" content=\"gl_ES\" \/>\n<meta property=\"og:type\" content=\"article\" \/>\n<meta property=\"og:title\" content=\"Emprego e Creaci\u00f3n de Empresas - Consejo Comarcal del Bierzo\" \/>\n<meta property=\"og:description\" content=\"EMPREGO E CREACI\u00d3N DE EMPRESASMellorando a vida dos bercianos e das bercianas&nbsp; Trab\u00e1llase para potenciar o crecemento econ\u00f3mico e sociocultural e de favorecer un cambio estrutural que mellore a calidade de vida dos homes e mulleres da comarca.SERVIZOS \u00c1 CIDADAN\u00cdAAxencia Oficial de Colocaci\u00f3n. Real\u00edzanse labores de intermediaci\u00f3n e orientaci\u00f3n laboral dirixidas a persoas demandantes de [&hellip;]\" \/>\n<meta property=\"og:url\" content=\"https:\/\/ccbierzo.com\/servicios\/empleo-y-creacion-de-empresas\/\" \/>\n<meta property=\"og:site_name\" content=\"Consejo Comarcal del Bierzo\" \/>\n<meta property=\"article:modified_time\" content=\"2020-03-05T11:27:51+00:00\" \/>\n<meta name=\"twitter:card\" content=\"summary_large_image\" \/>\n<meta name=\"twitter:label1\" content=\"Tempo de lectura\" \/>\n\t<meta name=\"twitter:data1\" content=\"17 minutos\" \/>\n<script type=\"application\/ld+json\" class=\"yoast-schema-graph\">{\"@context\":\"https:\\\/\\\/schema.org\",\"@graph\":[{\"@type\":\"WebPage\",\"@id\":\"https:\\\/\\\/ccbierzo.com\\\/servicios\\\/empleo-y-creacion-de-empresas\\\/\",\"url\":\"https:\\\/\\\/ccbierzo.com\\\/servicios\\\/empleo-y-creacion-de-empresas\\\/\",\"name\":\"Emprego e Creaci\u00f3n de Empresas - Consejo Comarcal del Bierzo\",\"isPartOf\":{\"@id\":\"https:\\\/\\\/ccbierzo.com\\\/gl\\\/#website\"},\"datePublished\":\"2020-03-03T10:24:27+00:00\",\"dateModified\":\"2020-03-05T11:27:51+00:00\",\"breadcrumb\":{\"@id\":\"https:\\\/\\\/ccbierzo.com\\\/servicios\\\/empleo-y-creacion-de-empresas\\\/#breadcrumb\"},\"inLanguage\":\"gl-ES\",\"potentialAction\":[{\"@type\":\"ReadAction\",\"target\":[\"https:\\\/\\\/ccbierzo.com\\\/servicios\\\/empleo-y-creacion-de-empresas\\\/\"]}]},{\"@type\":\"BreadcrumbList\",\"@id\":\"https:\\\/\\\/ccbierzo.com\\\/servicios\\\/empleo-y-creacion-de-empresas\\\/#breadcrumb\",\"itemListElement\":[{\"@type\":\"ListItem\",\"position\":1,\"name\":\"Portada\",\"item\":\"https:\\\/\\\/ccbierzo.com\\\/gl\\\/\"},{\"@type\":\"ListItem\",\"position\":2,\"name\":\"Servizos\",\"item\":\"https:\\\/\\\/ccbierzo.com\\\/servicios\\\/\"},{\"@type\":\"ListItem\",\"position\":3,\"name\":\"Emprego e Creaci\u00f3n de Empresas\"}]},{\"@type\":\"WebSite\",\"@id\":\"https:\\\/\\\/ccbierzo.com\\\/gl\\\/#website\",\"url\":\"https:\\\/\\\/ccbierzo.com\\\/gl\\\/\",\"name\":\"Consejo Comarcal del Bierzo\",\"description\":\"P\u00e1gina Oficial del Consejo Comarcal del Bierzo\",\"potentialAction\":[{\"@type\":\"SearchAction\",\"target\":{\"@type\":\"EntryPoint\",\"urlTemplate\":\"https:\\\/\\\/ccbierzo.com\\\/gl\\\/?s={search_term_string}\"},\"query-input\":{\"@type\":\"PropertyValueSpecification\",\"valueRequired\":true,\"valueName\":\"search_term_string\"}}],\"inLanguage\":\"gl-ES\"}]}<\/script>\n<!-- \/ Yoast SEO plugin. -->","yoast_head_json":{"title":"Emprego e Creaci\u00f3n de Empresas - Consejo Comarcal del Bierzo","robots":{"index":"index","follow":"follow","max-snippet":"max-snippet:-1","max-image-preview":"max-image-preview:large","max-video-preview":"max-video-preview:-1"},"canonical":"https:\/\/ccbierzo.com\/servicios\/empleo-y-creacion-de-empresas\/","og_locale":"gl_ES","og_type":"article","og_title":"Emprego e Creaci\u00f3n de Empresas - Consejo Comarcal del Bierzo","og_description":"EMPREGO E CREACI\u00d3N DE EMPRESASMellorando a vida dos bercianos e das bercianas&nbsp; Trab\u00e1llase para potenciar o crecemento econ\u00f3mico e sociocultural e de favorecer un cambio estrutural que mellore a calidade de vida dos homes e mulleres da comarca.SERVIZOS \u00c1 CIDADAN\u00cdAAxencia Oficial de Colocaci\u00f3n. Real\u00edzanse labores de intermediaci\u00f3n e orientaci\u00f3n laboral dirixidas a persoas demandantes de [&hellip;]","og_url":"https:\/\/ccbierzo.com\/servicios\/empleo-y-creacion-de-empresas\/","og_site_name":"Consejo Comarcal del Bierzo","article_modified_time":"2020-03-05T11:27:51+00:00","twitter_card":"summary_large_image","twitter_misc":{"Tempo de lectura":"17 minutos"},"schema":{"@context":"https:\/\/schema.org","@graph":[{"@type":"WebPage","@id":"https:\/\/ccbierzo.com\/servicios\/empleo-y-creacion-de-empresas\/","url":"https:\/\/ccbierzo.com\/servicios\/empleo-y-creacion-de-empresas\/","name":"Emprego e Creaci\u00f3n de Empresas - Consejo Comarcal del Bierzo","isPartOf":{"@id":"https:\/\/ccbierzo.com\/gl\/#website"},"datePublished":"2020-03-03T10:24:27+00:00","dateModified":"2020-03-05T11:27:51+00:00","breadcrumb":{"@id":"https:\/\/ccbierzo.com\/servicios\/empleo-y-creacion-de-empresas\/#breadcrumb"},"inLanguage":"gl-ES","potentialAction":[{"@type":"ReadAction","target":["https:\/\/ccbierzo.com\/servicios\/empleo-y-creacion-de-empresas\/"]}]},{"@type":"BreadcrumbList","@id":"https:\/\/ccbierzo.com\/servicios\/empleo-y-creacion-de-empresas\/#breadcrumb","itemListElement":[{"@type":"ListItem","position":1,"name":"Portada","item":"https:\/\/ccbierzo.com\/gl\/"},{"@type":"ListItem","position":2,"name":"Servizos","item":"https:\/\/ccbierzo.com\/servicios\/"},{"@type":"ListItem","position":3,"name":"Emprego e Creaci\u00f3n de Empresas"}]},{"@type":"WebSite","@id":"https:\/\/ccbierzo.com\/gl\/#website","url":"https:\/\/ccbierzo.com\/gl\/","name":"Consejo Comarcal del Bierzo","description":"P\u00e1gina Oficial del Consejo Comarcal del Bierzo","potentialAction":[{"@type":"SearchAction","target":{"@type":"EntryPoint","urlTemplate":"https:\/\/ccbierzo.com\/gl\/?s={search_term_string}"},"query-input":{"@type":"PropertyValueSpecification","valueRequired":true,"valueName":"search_term_string"}}],"inLanguage":"gl-ES"}]}},"_links":{"self":[{"href":"https:\/\/ccbierzo.com\/gl\/wp-json\/wp\/v2\/pages\/127993","targetHints":{"allow":["GET"]}}],"collection":[{"href":"https:\/\/ccbierzo.com\/gl\/wp-json\/wp\/v2\/pages"}],"about":[{"href":"https:\/\/ccbierzo.com\/gl\/wp-json\/wp\/v2\/types\/page"}],"author":[{"embeddable":true,"href":"https:\/\/ccbierzo.com\/gl\/wp-json\/wp\/v2\/users\/2"}],"replies":[{"embeddable":true,"href":"https:\/\/ccbierzo.com\/gl\/wp-json\/wp\/v2\/comments?post=127993"}],"version-history":[{"count":0,"href":"https:\/\/ccbierzo.com\/gl\/wp-json\/wp\/v2\/pages\/127993\/revisions"}],"up":[{"embeddable":true,"href":"https:\/\/ccbierzo.com\/gl\/wp-json\/wp\/v2\/pages\/127908"}],"wp:attachment":[{"href":"https:\/\/ccbierzo.com\/gl\/wp-json\/wp\/v2\/media?parent=127993"}],"curies":[{"name":"wp","href":"https:\/\/api.w.org\/{rel}","templated":true}]}}