{"version":"1.0","provider_name":"Consejo Comarcal del Bierzo","provider_url":"https:\/\/ccbierzo.com\/gl\/","title":"Campa\u00f1a Vi\u00f1edo - Consejo Comarcal del Bierzo","type":"rich","width":600,"height":338,"html":"<blockquote class=\"wp-embedded-content\" data-secret=\"gCNDDsXRQu\"><a href=\"https:\/\/ccbierzo.com\/gl\/campana-vinedo-2\/\">Campa\u00f1a Vi\u00f1edo<\/a><\/blockquote><iframe sandbox=\"allow-scripts\" security=\"restricted\" src=\"https:\/\/ccbierzo.com\/gl\/campana-vinedo-2\/embed\/#?secret=gCNDDsXRQu\" width=\"600\" height=\"338\" title=\"&#8220;Campa\u00f1a Vi\u00f1edo&#8221; &#8212; Consejo Comarcal del Bierzo\" data-secret=\"gCNDDsXRQu\" frameborder=\"0\" marginwidth=\"0\" marginheight=\"0\" scrolling=\"no\" class=\"wp-embedded-content\"><\/iframe><script type=\"text\/javascript\">\n\/* <![CDATA[ *\/\n\/*! This file is auto-generated *\/\n!function(d,l){\"use strict\";l.querySelector&&d.addEventListener&&\"undefined\"!=typeof URL&&(d.wp=d.wp||{},d.wp.receiveEmbedMessage||(d.wp.receiveEmbedMessage=function(e){var t=e.data;if((t||t.secret||t.message||t.value)&&!\/[^a-zA-Z0-9]\/.test(t.secret)){for(var s,r,n,a=l.querySelectorAll('iframe[data-secret=\"'+t.secret+'\"]'),o=l.querySelectorAll('blockquote[data-secret=\"'+t.secret+'\"]'),c=new RegExp(\"^https?:$\",\"i\"),i=0;i<o.length;i++)o[i].style.display=\"none\";for(i=0;i<a.length;i++)s=a[i],e.source===s.contentWindow&&(s.removeAttribute(\"style\"),\"height\"===t.message?(1e3<(r=parseInt(t.value,10))?r=1e3:~~r<200&&(r=200),s.height=r):\"link\"===t.message&&(r=new URL(s.getAttribute(\"src\")),n=new URL(t.value),c.test(n.protocol))&&n.host===r.host&&l.activeElement===s&&(d.top.location.href=t.value))}},d.addEventListener(\"message\",d.wp.receiveEmbedMessage,!1),l.addEventListener(\"DOMContentLoaded\",function(){for(var e,t,s=l.querySelectorAll(\"iframe.wp-embedded-content\"),r=0;r<s.length;r++)(t=(e=s[r]).getAttribute(\"data-secret\"))||(t=Math.random().toString(36).substring(2,12),e.src+=\"#?secret=\"+t,e.setAttribute(\"data-secret\",t)),e.contentWindow.postMessage({message:\"ready\",secret:t},\"*\")},!1)))}(window,document);\n\/\/# sourceURL=https:\/\/ccbierzo.com\/wp-includes\/js\/wp-embed.min.js\n\/* ]]> *\/\n<\/script>\n","thumbnail_url":"https:\/\/ccbierzo.com\/wp-content\/uploads\/2019\/12\/Banner-2.jpg","thumbnail_width":692,"thumbnail_height":461,"description":"El Consejo Comarcal, a trav\u00e9s del Banco de Tierras, y la Denominaci\u00f3n de Origen Bierzo inician una nueva campa\u00f1a para la captaci\u00f3n de vi\u00f1edos. Se trata de la cuarta edici\u00f3n de una iniciativa que ya ha recuperado 165 hect\u00e1reas en El Bierzo."}